{"id":2780,"date":"2026-03-24T03:27:37","date_gmt":"2026-03-24T01:27:37","guid":{"rendered":"http:\/\/139.84.241.235\/acbf\/?post_type=banner&#038;p=2780"},"modified":"2026-04-08T10:08:34","modified_gmt":"2026-04-08T08:08:34","slug":"shaping-africas-future","status":"publish","type":"banner","link":"https:\/\/theacbf.org\/fr\/banner\/shaping-africas-future\/","title":{"rendered":"Fa\u00e7onner l'avenir de l'Afrique"},"content":{"rendered":"<p>La Fondation pour le renforcement des capacit\u00e9s en Afrique (ACBF) est la principale institution de renforcement des capacit\u00e9s sur le continent africain. En tant qu'agence sp\u00e9cialis\u00e9e de l'Union africaine, nous favorisons un d\u00e9veloppement humain et institutionnel transformateur en concevant  et en mettant en \u0153uvre des programmes efficaces dans toute l'Afrique.<\/p>\n\n\n\n<p>By 2063, we envision an Africa that is stronger, self-reliant, and globally competitive. Our work is laying the foundation for economic resilience, sustainable trade, food security, and governance excellence, ensuring that Africa thrives.\u2028\u00a0\u2028<\/p>\n\n\n\n<p>Forte de plus de trente ans d\u2019exp\u00e9rience et d\u2019un mandat panafricain, notre organisation renforce les institutions et les dirigeants africains en leur fournissant les comp\u00e9tences, les outils et les connaissances n\u00e9cessaires pour promouvoir un d\u00e9veloppement inclusif, durable et orient\u00e9 vers les r\u00e9sultats.<\/p>\n\n\n\n<p><\/p>","protected":false},"excerpt":{"rendered":"<p>La formation \u00e0 l\u2019entrepreneuriat encourage le passage \u00e0 l\u2019action rapide chez les jeunes professionnels francophones.<\/p>","protected":false},"featured_media":2781,"template":"","class_list":["post-2780","banner","type-banner","status-publish","has-post-thumbnail","hentry"],"acf":[],"_links":{"self":[{"href":"https:\/\/theacbf.org\/fr\/wp-json\/wp\/v2\/banner\/2780","targetHints":{"allow":["GET"]}}],"collection":[{"href":"https:\/\/theacbf.org\/fr\/wp-json\/wp\/v2\/banner"}],"about":[{"href":"https:\/\/theacbf.org\/fr\/wp-json\/wp\/v2\/types\/banner"}],"wp:featuredmedia":[{"embeddable":true,"href":"https:\/\/theacbf.org\/fr\/wp-json\/wp\/v2\/media\/2781"}],"wp:attachment":[{"href":"https:\/\/theacbf.org\/fr\/wp-json\/wp\/v2\/media?parent=2780"}],"curies":[{"name":"wp","href":"https:\/\/api.w.org\/{rel}","templated":true}]}}